{"id":10327,"date":"2016-09-09T16:26:43","date_gmt":"2016-09-09T14:26:43","guid":{"rendered":"https:\/\/www.bejart.ch\/produit\/le-bejart-ballet-lausanne-au-palais-garnier\/"},"modified":"2024-04-14T11:44:46","modified_gmt":"2024-04-14T09:44:46","slug":"le-bejart-ballet-lausanne-au-palais-garnier","status":"publish","type":"product","link":"https:\/\/www.bejart.ch\/en\/produit\/le-bejart-ballet-lausanne-au-palais-garnier\/","title":{"rendered":"Le B\u00e9jart Ballet Lausanne au Palais Garnier"},"content":{"rendered":"<p>In January 2010, Brigitte Lef\u00e8vre invited the B\u00e9jart Ballet Lausanne at the Paris Opera to present pieces of Maurice B\u00e9jart\u2019s repertoire: <em>Sonate \u00e0 trois<\/em>, <em>Webern Opus V<\/em>, <em>Dialogue de l\u2019ombre double<\/em> and <em>Le Marteau sans ma\u00eetre<\/em>. The movie goes back and forth between the studio, the stage, Lausanne and Paris. Dancers, repetiteurs and soloists of the Ensemble Intercontemporain (dir. Jonathan Nott) open about their work on these pieces.\u00a0(Director: Arantxa Aguirre, 2012).<\/p>\n","protected":false},"excerpt":{"rendered":"<ul>\n<li>Documentary<\/li>\n<li>Language :\u00a0French<\/li>\n<li>Duration: 55 min.<\/li>\n<\/ul>\n","protected":false},"featured_media":7456,"template":"","meta":{"_acf_changed":false,"_monsterinsights_skip_tracking":false,"_monsterinsights_sitenote_active":false,"_monsterinsights_sitenote_note":"","_monsterinsights_sitenote_category":0,"wds_primary_product_brand":0,"wds_primary_product_cat":0},"product_brand":[],"product_cat":[257,357],"product_tag":[269,270,188,258,259,267,268],"class_list":{"0":"post-10327","1":"product","2":"type-product","3":"status-publish","4":"has-post-thumbnail","6":"product_cat-dvd-en","7":"product_cat-sale","8":"product_tag-le-marteau-sans-maitre-en","9":"product_tag-webern-opus-v-en","10":"product_tag-maurice-bejart-en","11":"product_tag-film-en","12":"product_tag-dvd-en","13":"product_tag-sonate-a-trois-en","14":"product_tag-dialogue-de-lombre-double-en","16":"first","17":"outofstock","18":"sale","19":"shipping-taxable","20":"purchasable","21":"product-type-simple"},"acf":[],"_links":{"self":[{"href":"https:\/\/www.bejart.ch\/en\/wp-json\/wp\/v2\/product\/10327","targetHints":{"allow":["GET"]}}],"collection":[{"href":"https:\/\/www.bejart.ch\/en\/wp-json\/wp\/v2\/product"}],"about":[{"href":"https:\/\/www.bejart.ch\/en\/wp-json\/wp\/v2\/types\/product"}],"wp:featuredmedia":[{"embeddable":true,"href":"https:\/\/www.bejart.ch\/en\/wp-json\/wp\/v2\/media\/7456"}],"wp:attachment":[{"href":"https:\/\/www.bejart.ch\/en\/wp-json\/wp\/v2\/media?parent=10327"}],"wp:term":[{"taxonomy":"product_brand","embeddable":true,"href":"https:\/\/www.bejart.ch\/en\/wp-json\/wp\/v2\/product_brand?post=10327"},{"taxonomy":"product_cat","embeddable":true,"href":"https:\/\/www.bejart.ch\/en\/wp-json\/wp\/v2\/product_cat?post=10327"},{"taxonomy":"product_tag","embeddable":true,"href":"https:\/\/www.bejart.ch\/en\/wp-json\/wp\/v2\/product_tag?post=10327"}],"curies":[{"name":"wp","href":"https:\/\/api.w.org\/{rel}","templated":true}]}}